{"id":4867,"date":"2026-02-28T22:06:22","date_gmt":"2026-03-01T01:06:22","guid":{"rendered":"https:\/\/dechilealpaladar.cl\/?post_type=dcap_event&#038;p=4867"},"modified":"2026-03-01T17:20:20","modified_gmt":"2026-03-01T20:20:20","slug":"fiesta-de-la-vendimia-de-colchagua-en-santa-cruz-march-6-8-2026","status":"publish","type":"dcap_event","link":"https:\/\/dechilealpaladar.cl\/en\/evento\/fiesta-de-la-vendimia-de-colchagua-en-santa-cruz-march-6-8-2026\/","title":{"rendered":"Fiesta de la Vendimia de Colchagua en Santa Cruz. March 6 \u2013 8, 2026"},"content":{"rendered":"<h1 id=\"rAECCd\" class=\"MR4h6 DbQnIe\" data-text=\"Fiesta de la Vendimia de Colchagua en Santa Cruz.\" data-tooltip-position=\"bottom\" data-tooltip-vertical-offset=\"0\" data-tooltip-horizontal-offset=\"0\" data-tooltip-only-if-necessary=\"true\">Fiesta de la Vendimia de Colchagua en Santa Cruz.<\/h1>\n<div class=\"LTczme DbQnIe\">March 6 \u2013 8, 2026<\/div>","protected":false},"excerpt":{"rendered":"<p>La 26\u00aa Fiesta de la Vendimia de Colchagua se celebrar\u00e1 del 6 al 8 de marzo de 2026 en la Plaza de Armas de Santa Cruz. Este destacado evento enol\u00f3gico incluye 19 vi\u00f1as, degustaciones premium, gastronom\u00eda local, artesan\u00eda y espect\u00e1culos, celebrando 30 a\u00f1os de la Ruta del Vino en un ambiente de tradici\u00f3n.<\/p>","protected":false},"featured_media":0,"template":"","categories":[264],"dcap_event_type":[262],"class_list":["post-4867","dcap_event","type-dcap_event","status-publish","hentry","category-panoramas","dcap_event_type-feria"],"aioseo_notices":[],"aioseo_head":"\n\t\t<!-- All in One SEO Pro 4.9.5.2 - aioseo.com -->\n\t<meta name=\"description\" content=\"La 26\u00aa Fiesta de la Vendimia de Colchagua se celebrar\u00e1 del 6 al 8 de marzo de 2026 en la Plaza de Armas de Santa Cruz. Este destacado evento enol\u00f3gico incluye 19 vi\u00f1as, degustaciones premium, gastronom\u00eda local, artesan\u00eda y espect\u00e1culos, celebrando 30 a\u00f1os de la Ruta del Vino en un ambiente de tradici\u00f3n.\" \/>\n\t<meta name=\"robots\" content=\"max-image-preview:large\" \/>\n\t<meta name=\"google-site-verification\" content=\"FwbYXf8NSX7K5fFr17ZmyxG2GPBjQNe6D5Z26IIESJA\" \/>\n\t<meta name=\"p:domain_verify\" content=\"b1ea975e07205230074b4f8d7926d7df\" \/>\n\t<link rel=\"canonical\" href=\"https:\/\/dechilealpaladar.cl\/en\/evento\/fiesta-de-la-vendimia-de-colchagua-en-santa-cruz-march-6-8-2026\/\" \/>\n\t<meta name=\"generator\" content=\"All in One SEO Pro (AIOSEO) 4.9.5.2\" \/>\n\t\t<meta property=\"og:locale\" content=\"en_GB\" \/>\n\t\t<meta property=\"og:site_name\" content=\"De Chile al Paladar | Noticias del Vino en Chile - De Chile al Paladar celebra la cultura del vino, gastronom\u00eda y enoturismo, ofreciendo noticias, tendencias y rese\u00f1as con enfoque en el valor del patrimonio vitivin\u00edcola chileno y la sostenibilidad.\" \/>\n\t\t<meta property=\"og:type\" content=\"article\" \/>\n\t\t<meta property=\"og:title\" content=\"Fiesta de la Vendimia de Colchagua en Santa Cruz. March 6 \u2013 8, 2026 - De Chile al Paladar | Noticias del Vino en Chile\" \/>\n\t\t<meta property=\"og:description\" content=\"La 26\u00aa Fiesta de la Vendimia de Colchagua se celebrar\u00e1 del 6 al 8 de marzo de 2026 en la Plaza de Armas de Santa Cruz. Este destacado evento enol\u00f3gico incluye 19 vi\u00f1as, degustaciones premium, gastronom\u00eda local, artesan\u00eda y espect\u00e1culos, celebrando 30 a\u00f1os de la Ruta del Vino en un ambiente de tradici\u00f3n.\" \/>\n\t\t<meta property=\"og:url\" content=\"https:\/\/dechilealpaladar.cl\/en\/evento\/fiesta-de-la-vendimia-de-colchagua-en-santa-cruz-march-6-8-2026\/\" \/>\n\t\t<meta property=\"article:published_time\" content=\"2026-03-01T01:06:22+00:00\" \/>\n\t\t<meta property=\"article:modified_time\" content=\"2026-03-01T20:20:20+00:00\" \/>\n\t\t<meta property=\"article:publisher\" content=\"https:\/\/facebook.com\/dechilealpaladar\" \/>\n\t\t<meta name=\"twitter:card\" content=\"summary_large_image\" \/>\n\t\t<meta name=\"twitter:title\" content=\"Fiesta de la Vendimia de Colchagua en Santa Cruz. March 6 \u2013 8, 2026 - De Chile al Paladar | Noticias del Vino en Chile\" \/>\n\t\t<meta name=\"twitter:description\" content=\"La 26\u00aa Fiesta de la Vendimia de Colchagua se celebrar\u00e1 del 6 al 8 de marzo de 2026 en la Plaza de Armas de Santa Cruz. Este destacado evento enol\u00f3gico incluye 19 vi\u00f1as, degustaciones premium, gastronom\u00eda local, artesan\u00eda y espect\u00e1culos, celebrando 30 a\u00f1os de la Ruta del Vino en un ambiente de tradici\u00f3n.\" \/>\n\t\t<script type=\"application\/ld+json\" class=\"aioseo-schema\">\n\t\t\t{\"@context\":\"https:\\\/\\\/schema.org\",\"@graph\":[{\"@type\":\"BreadcrumbList\",\"@id\":\"https:\\\/\\\/dechilealpaladar.cl\\\/en\\\/evento\\\/fiesta-de-la-vendimia-de-colchagua-en-santa-cruz-march-6-8-2026\\\/#breadcrumblist\",\"itemListElement\":[{\"@type\":\"ListItem\",\"@id\":\"https:\\\/\\\/dechilealpaladar.cl\\\/en#listItem\",\"position\":1,\"name\":\"Home\",\"item\":\"https:\\\/\\\/dechilealpaladar.cl\\\/en\",\"nextItem\":{\"@type\":\"ListItem\",\"@id\":\"https:\\\/\\\/dechilealpaladar.cl\\\/en\\\/category\\\/panoramas\\\/#listItem\",\"name\":\"Panoramas\"}},{\"@type\":\"ListItem\",\"@id\":\"https:\\\/\\\/dechilealpaladar.cl\\\/en\\\/category\\\/panoramas\\\/#listItem\",\"position\":2,\"name\":\"Panoramas\",\"item\":\"https:\\\/\\\/dechilealpaladar.cl\\\/en\\\/category\\\/panoramas\\\/\",\"nextItem\":{\"@type\":\"ListItem\",\"@id\":\"https:\\\/\\\/dechilealpaladar.cl\\\/en\\\/evento\\\/fiesta-de-la-vendimia-de-colchagua-en-santa-cruz-march-6-8-2026\\\/#listItem\",\"name\":\"Fiesta de la Vendimia de Colchagua en Santa Cruz. March 6 \\u2013 8, 2026\"},\"previousItem\":{\"@type\":\"ListItem\",\"@id\":\"https:\\\/\\\/dechilealpaladar.cl\\\/en#listItem\",\"name\":\"Home\"}},{\"@type\":\"ListItem\",\"@id\":\"https:\\\/\\\/dechilealpaladar.cl\\\/en\\\/evento\\\/fiesta-de-la-vendimia-de-colchagua-en-santa-cruz-march-6-8-2026\\\/#listItem\",\"position\":3,\"name\":\"Fiesta de la Vendimia de Colchagua en Santa Cruz. March 6 \\u2013 8, 2026\",\"previousItem\":{\"@type\":\"ListItem\",\"@id\":\"https:\\\/\\\/dechilealpaladar.cl\\\/en\\\/category\\\/panoramas\\\/#listItem\",\"name\":\"Panoramas\"}}]},{\"@type\":\"Organization\",\"@id\":\"https:\\\/\\\/dechilealpaladar.cl\\\/en\\\/#organization\",\"name\":\"De Chile al Paladar\",\"description\":\"De Chile al Paladar es una plataforma dedicada a celebrar y promover la cultura del vino y la gastronom\\u00eda en Chile. Ofrecemos rese\\u00f1as de vinos, maridajes, tendencias, noticias y panoramas, destacando tanto los vinos tradicionales como los de peque\\u00f1os productores. Inspiramos a amantes del vino y la buena mesa a descubrir catas, ferias y las riquezas de la gastronom\\u00eda chilena.\",\"url\":\"https:\\\/\\\/dechilealpaladar.cl\\\/en\\\/\",\"email\":\"equipo@dechilealpaladar.cl\",\"telephone\":\"+56976152439\",\"foundingDate\":\"2025-03-01\",\"numberOfEmployees\":{\"@type\":\"QuantitativeValue\",\"minValue\":0,\"maxValue\":10},\"logo\":{\"@type\":\"ImageObject\",\"url\":\"https:\\\/\\\/dechilealpaladar.cl\\\/wp-content\\\/uploads\\\/2024\\\/11\\\/De_Chile_al_Paladar_Logo_Color-1.png\",\"@id\":\"https:\\\/\\\/dechilealpaladar.cl\\\/en\\\/evento\\\/fiesta-de-la-vendimia-de-colchagua-en-santa-cruz-march-6-8-2026\\\/#organizationLogo\",\"width\":310,\"height\":200,\"caption\":\"DeChileAlPaladar\"},\"image\":{\"@id\":\"https:\\\/\\\/dechilealpaladar.cl\\\/en\\\/evento\\\/fiesta-de-la-vendimia-de-colchagua-en-santa-cruz-march-6-8-2026\\\/#organizationLogo\"},\"sameAs\":[\"https:\\\/\\\/facebook.com\\\/dechilealpaladar\",\"https:\\\/\\\/instagram.com\\\/dechilealpaladar\",\"https:\\\/\\\/youtube.com\\\/dechilealpaladar\",\"https:\\\/\\\/linkedin.com\\\/in\\\/dechilealpaladar\"]},{\"@type\":\"WebPage\",\"@id\":\"https:\\\/\\\/dechilealpaladar.cl\\\/en\\\/evento\\\/fiesta-de-la-vendimia-de-colchagua-en-santa-cruz-march-6-8-2026\\\/#webpage\",\"url\":\"https:\\\/\\\/dechilealpaladar.cl\\\/en\\\/evento\\\/fiesta-de-la-vendimia-de-colchagua-en-santa-cruz-march-6-8-2026\\\/\",\"name\":\"Fiesta de la Vendimia de Colchagua en Santa Cruz. March 6 \\u2013 8, 2026 - De Chile al Paladar | Noticias del Vino en Chile\",\"description\":\"La 26\\u00aa Fiesta de la Vendimia de Colchagua se celebrar\\u00e1 del 6 al 8 de marzo de 2026 en la Plaza de Armas de Santa Cruz. Este destacado evento enol\\u00f3gico incluye 19 vi\\u00f1as, degustaciones premium, gastronom\\u00eda local, artesan\\u00eda y espect\\u00e1culos, celebrando 30 a\\u00f1os de la Ruta del Vino en un ambiente de tradici\\u00f3n.\",\"inLanguage\":\"en-GB\",\"isPartOf\":{\"@id\":\"https:\\\/\\\/dechilealpaladar.cl\\\/en\\\/#website\"},\"breadcrumb\":{\"@id\":\"https:\\\/\\\/dechilealpaladar.cl\\\/en\\\/evento\\\/fiesta-de-la-vendimia-de-colchagua-en-santa-cruz-march-6-8-2026\\\/#breadcrumblist\"},\"datePublished\":\"2026-02-28T22:06:22-03:00\",\"dateModified\":\"2026-03-01T17:20:20-03:00\"},{\"@type\":\"WebSite\",\"@id\":\"https:\\\/\\\/dechilealpaladar.cl\\\/en\\\/#website\",\"url\":\"https:\\\/\\\/dechilealpaladar.cl\\\/en\\\/\",\"name\":\"De Chile al Paladar | Noticias del Vino en Chile\",\"alternateName\":\"De Chile al Paladar\",\"description\":\"De Chile al Paladar celebra la cultura del vino, gastronom\\u00eda y enoturismo, ofreciendo noticias, tendencias y rese\\u00f1as con enfoque en el valor del patrimonio vitivin\\u00edcola chileno y la sostenibilidad.\",\"inLanguage\":\"en-GB\",\"publisher\":{\"@id\":\"https:\\\/\\\/dechilealpaladar.cl\\\/en\\\/#organization\"}}]}\n\t\t<\/script>\n\t\t<!-- All in One SEO Pro -->\r\n\t\t<title>Fiesta de la Vendimia de Colchagua en Santa Cruz. March 6 \u2013 8, 2026 - De Chile al Paladar | Noticias del Vino en Chile<\/title>\n\n","aioseo_head_json":{"title":"Fiesta de la Vendimia de Colchagua en Santa Cruz. March 6 \u2013 8, 2026 - De Chile al Paladar | Noticias del Vino en Chile","description":"La 26\u00aa Fiesta de la Vendimia de Colchagua se celebrar\u00e1 del 6 al 8 de marzo de 2026 en la Plaza de Armas de Santa Cruz. Este destacado evento enol\u00f3gico incluye 19 vi\u00f1as, degustaciones premium, gastronom\u00eda local, artesan\u00eda y espect\u00e1culos, celebrando 30 a\u00f1os de la Ruta del Vino en un ambiente de tradici\u00f3n.","canonical_url":"https:\/\/dechilealpaladar.cl\/en\/evento\/fiesta-de-la-vendimia-de-colchagua-en-santa-cruz-march-6-8-2026\/","robots":"max-image-preview:large","keywords":"","webmasterTools":{"google-site-verification":"FwbYXf8NSX7K5fFr17ZmyxG2GPBjQNe6D5Z26IIESJA","p:domain_verify":"b1ea975e07205230074b4f8d7926d7df","miscellaneous":""},"schema":{"@context":"https:\/\/schema.org","@graph":[{"@type":"BreadcrumbList","@id":"https:\/\/dechilealpaladar.cl\/en\/evento\/fiesta-de-la-vendimia-de-colchagua-en-santa-cruz-march-6-8-2026\/#breadcrumblist","itemListElement":[{"@type":"ListItem","@id":"https:\/\/dechilealpaladar.cl\/en#listItem","position":1,"name":"Home","item":"https:\/\/dechilealpaladar.cl\/en","nextItem":{"@type":"ListItem","@id":"https:\/\/dechilealpaladar.cl\/en\/category\/panoramas\/#listItem","name":"Panoramas"}},{"@type":"ListItem","@id":"https:\/\/dechilealpaladar.cl\/en\/category\/panoramas\/#listItem","position":2,"name":"Panoramas","item":"https:\/\/dechilealpaladar.cl\/en\/category\/panoramas\/","nextItem":{"@type":"ListItem","@id":"https:\/\/dechilealpaladar.cl\/en\/evento\/fiesta-de-la-vendimia-de-colchagua-en-santa-cruz-march-6-8-2026\/#listItem","name":"Fiesta de la Vendimia de Colchagua en Santa Cruz. March 6 \u2013 8, 2026"},"previousItem":{"@type":"ListItem","@id":"https:\/\/dechilealpaladar.cl\/en#listItem","name":"Home"}},{"@type":"ListItem","@id":"https:\/\/dechilealpaladar.cl\/en\/evento\/fiesta-de-la-vendimia-de-colchagua-en-santa-cruz-march-6-8-2026\/#listItem","position":3,"name":"Fiesta de la Vendimia de Colchagua en Santa Cruz. March 6 \u2013 8, 2026","previousItem":{"@type":"ListItem","@id":"https:\/\/dechilealpaladar.cl\/en\/category\/panoramas\/#listItem","name":"Panoramas"}}]},{"@type":"Organization","@id":"https:\/\/dechilealpaladar.cl\/en\/#organization","name":"De Chile al Paladar","description":"De Chile al Paladar es una plataforma dedicada a celebrar y promover la cultura del vino y la gastronom\u00eda en Chile. Ofrecemos rese\u00f1as de vinos, maridajes, tendencias, noticias y panoramas, destacando tanto los vinos tradicionales como los de peque\u00f1os productores. Inspiramos a amantes del vino y la buena mesa a descubrir catas, ferias y las riquezas de la gastronom\u00eda chilena.","url":"https:\/\/dechilealpaladar.cl\/en\/","email":"equipo@dechilealpaladar.cl","telephone":"+56976152439","foundingDate":"2025-03-01","numberOfEmployees":{"@type":"QuantitativeValue","minValue":0,"maxValue":10},"logo":{"@type":"ImageObject","url":"https:\/\/dechilealpaladar.cl\/wp-content\/uploads\/2024\/11\/De_Chile_al_Paladar_Logo_Color-1.png","@id":"https:\/\/dechilealpaladar.cl\/en\/evento\/fiesta-de-la-vendimia-de-colchagua-en-santa-cruz-march-6-8-2026\/#organizationLogo","width":310,"height":200,"caption":"DeChileAlPaladar"},"image":{"@id":"https:\/\/dechilealpaladar.cl\/en\/evento\/fiesta-de-la-vendimia-de-colchagua-en-santa-cruz-march-6-8-2026\/#organizationLogo"},"sameAs":["https:\/\/facebook.com\/dechilealpaladar","https:\/\/instagram.com\/dechilealpaladar","https:\/\/youtube.com\/dechilealpaladar","https:\/\/linkedin.com\/in\/dechilealpaladar"]},{"@type":"WebPage","@id":"https:\/\/dechilealpaladar.cl\/en\/evento\/fiesta-de-la-vendimia-de-colchagua-en-santa-cruz-march-6-8-2026\/#webpage","url":"https:\/\/dechilealpaladar.cl\/en\/evento\/fiesta-de-la-vendimia-de-colchagua-en-santa-cruz-march-6-8-2026\/","name":"Fiesta de la Vendimia de Colchagua en Santa Cruz. March 6 \u2013 8, 2026 - De Chile al Paladar | Noticias del Vino en Chile","description":"La 26\u00aa Fiesta de la Vendimia de Colchagua se celebrar\u00e1 del 6 al 8 de marzo de 2026 en la Plaza de Armas de Santa Cruz. Este destacado evento enol\u00f3gico incluye 19 vi\u00f1as, degustaciones premium, gastronom\u00eda local, artesan\u00eda y espect\u00e1culos, celebrando 30 a\u00f1os de la Ruta del Vino en un ambiente de tradici\u00f3n.","inLanguage":"en-GB","isPartOf":{"@id":"https:\/\/dechilealpaladar.cl\/en\/#website"},"breadcrumb":{"@id":"https:\/\/dechilealpaladar.cl\/en\/evento\/fiesta-de-la-vendimia-de-colchagua-en-santa-cruz-march-6-8-2026\/#breadcrumblist"},"datePublished":"2026-02-28T22:06:22-03:00","dateModified":"2026-03-01T17:20:20-03:00"},{"@type":"WebSite","@id":"https:\/\/dechilealpaladar.cl\/en\/#website","url":"https:\/\/dechilealpaladar.cl\/en\/","name":"De Chile al Paladar | Noticias del Vino en Chile","alternateName":"De Chile al Paladar","description":"De Chile al Paladar celebra la cultura del vino, gastronom\u00eda y enoturismo, ofreciendo noticias, tendencias y rese\u00f1as con enfoque en el valor del patrimonio vitivin\u00edcola chileno y la sostenibilidad.","inLanguage":"en-GB","publisher":{"@id":"https:\/\/dechilealpaladar.cl\/en\/#organization"}}]},"og:locale":"en_GB","og:site_name":"De Chile al Paladar | Noticias del Vino en Chile - De Chile al Paladar celebra la cultura del vino, gastronom\u00eda y enoturismo, ofreciendo noticias, tendencias y rese\u00f1as con enfoque en el valor del patrimonio vitivin\u00edcola chileno y la sostenibilidad.","og:type":"article","og:title":"Fiesta de la Vendimia de Colchagua en Santa Cruz. March 6 \u2013 8, 2026 - De Chile al Paladar | Noticias del Vino en Chile","og:description":"La 26\u00aa Fiesta de la Vendimia de Colchagua se celebrar\u00e1 del 6 al 8 de marzo de 2026 en la Plaza de Armas de Santa Cruz. Este destacado evento enol\u00f3gico incluye 19 vi\u00f1as, degustaciones premium, gastronom\u00eda local, artesan\u00eda y espect\u00e1culos, celebrando 30 a\u00f1os de la Ruta del Vino en un ambiente de tradici\u00f3n.","og:url":"https:\/\/dechilealpaladar.cl\/en\/evento\/fiesta-de-la-vendimia-de-colchagua-en-santa-cruz-march-6-8-2026\/","article:published_time":"2026-03-01T01:06:22+00:00","article:modified_time":"2026-03-01T20:20:20+00:00","article:publisher":"https:\/\/facebook.com\/dechilealpaladar","twitter:card":"summary_large_image","twitter:title":"Fiesta de la Vendimia de Colchagua en Santa Cruz. March 6 \u2013 8, 2026 - De Chile al Paladar | Noticias del Vino en Chile","twitter:description":"La 26\u00aa Fiesta de la Vendimia de Colchagua se celebrar\u00e1 del 6 al 8 de marzo de 2026 en la Plaza de Armas de Santa Cruz. Este destacado evento enol\u00f3gico incluye 19 vi\u00f1as, degustaciones premium, gastronom\u00eda local, artesan\u00eda y espect\u00e1culos, celebrando 30 a\u00f1os de la Ruta del Vino en un ambiente de tradici\u00f3n."},"aioseo_meta_data":{"post_id":"4867","title":null,"description":null,"keywords":null,"keyphrases":{"focus":{"keyphrase":"","score":0,"analysis":{"keyphraseInTitle":{"score":0,"maxScore":9,"error":1}}},"additional":[]},"primary_term":null,"canonical_url":null,"og_title":null,"og_description":null,"og_object_type":"default","og_image_type":"default","og_image_url":null,"og_image_width":null,"og_image_height":null,"og_image_custom_url":null,"og_image_custom_fields":null,"og_video":"","og_custom_url":null,"og_article_section":null,"og_article_tags":null,"twitter_use_og":false,"twitter_card":"default","twitter_image_type":"default","twitter_image_url":null,"twitter_image_custom_url":null,"twitter_image_custom_fields":null,"twitter_title":null,"twitter_description":null,"schema":{"blockGraphs":[],"customGraphs":[],"default":{"data":{"Article":[],"Course":[],"Dataset":[],"FAQPage":[],"Movie":[],"Person":[],"Product":[],"ProductReview":[],"Car":[],"Recipe":[],"Service":[],"SoftwareApplication":[],"WebPage":[]},"graphName":"WebPage","isEnabled":true},"graphs":[]},"schema_type":"default","schema_type_options":null,"pillar_content":false,"robots_default":true,"robots_noindex":false,"robots_noarchive":false,"robots_nosnippet":false,"robots_nofollow":false,"robots_noimageindex":false,"robots_noodp":false,"robots_notranslate":false,"robots_max_snippet":"-1","robots_max_videopreview":"-1","robots_max_imagepreview":"large","priority":null,"frequency":"default","local_seo":null,"seo_analyzer_scan_date":"2026-03-01 21:20:17","breadcrumb_settings":null,"limit_modified_date":false,"reviewed_by":"0","open_ai":null,"ai":{"faqs":[],"keyPoints":[],"titles":[],"descriptions":[],"socialPosts":{"email":[],"linkedin":[],"twitter":[],"facebook":[],"instagram":[]}},"created":"2026-03-01 01:04:51","updated":"2026-03-01 21:20:17"},"aioseo_breadcrumb":"<div class=\"aioseo-breadcrumbs\"><span class=\"aioseo-breadcrumb\">\n\t<a href=\"https:\/\/dechilealpaladar.cl\/en\" title=\"Home\">Home<\/a>\n<\/span><span class=\"aioseo-breadcrumb-separator\">\u00bb<\/span><span class=\"aioseo-breadcrumb\">\n\t<a href=\"https:\/\/dechilealpaladar.cl\/en\/category\/panoramas\/\" title=\"Panoramas\">Panoramas<\/a>\n<\/span><span class=\"aioseo-breadcrumb-separator\">\u00bb<\/span><span class=\"aioseo-breadcrumb\">\n\tFiesta de la Vendimia de Colchagua en Santa Cruz. March 6 \u2013 8, 2026\n<\/span><\/div>","aioseo_breadcrumb_json":[{"label":"Home","link":"https:\/\/dechilealpaladar.cl\/en"},{"label":"Panoramas","link":"https:\/\/dechilealpaladar.cl\/en\/category\/panoramas\/"},{"label":"Fiesta de la Vendimia de Colchagua en Santa Cruz. March 6 \u2013 8, 2026","link":"https:\/\/dechilealpaladar.cl\/en\/evento\/fiesta-de-la-vendimia-de-colchagua-en-santa-cruz-march-6-8-2026\/"}],"_links":{"self":[{"href":"https:\/\/dechilealpaladar.cl\/en\/wp-json\/wp\/v2\/dcap_event\/4867","targetHints":{"allow":["GET"]}}],"collection":[{"href":"https:\/\/dechilealpaladar.cl\/en\/wp-json\/wp\/v2\/dcap_event"}],"about":[{"href":"https:\/\/dechilealpaladar.cl\/en\/wp-json\/wp\/v2\/types\/dcap_event"}],"wp:attachment":[{"href":"https:\/\/dechilealpaladar.cl\/en\/wp-json\/wp\/v2\/media?parent=4867"}],"wp:term":[{"taxonomy":"category","embeddable":true,"href":"https:\/\/dechilealpaladar.cl\/en\/wp-json\/wp\/v2\/categories?post=4867"},{"taxonomy":"dcap_event_type","embeddable":true,"href":"https:\/\/dechilealpaladar.cl\/en\/wp-json\/wp\/v2\/dcap_event_type?post=4867"}],"curies":[{"name":"wp","href":"https:\/\/api.w.org\/{rel}","templated":true}]}}